{"id":109756,"date":"2017-05-18T11:37:14","date_gmt":"2017-05-18T09:37:14","guid":{"rendered":"http:\/\/devbiel.inlingua.ch\/identification-des-besoins\/"},"modified":"2025-02-25T11:47:49","modified_gmt":"2025-02-25T10:47:49","slug":"people-development","status":"publish","type":"page","link":"https:\/\/inlingua-ostschweiz.ch\/en\/people-development\/","title":{"rendered":"People Development"},"content":{"rendered":"<section class=\"l-section wpb_row us_custom_79d475ad has_text_color height_auto width_full\"><div class=\"l-section-h i-cf\"><div class=\"g-cols vc_row via_flex valign_top type_default stacking_default\"><div class=\"vc_col-sm-6 wpb_column vc_column_container\"><div class=\"vc_column-inner us_custom_be3606da\"><div class=\"wpb_wrapper\"><div class=\"w-image has_ratio align_none\"><div class=\"w-image-h\"><div style=\"padding-bottom:100%\"><\/div><img decoding=\"async\" width=\"2057\" height=\"2000\" src=\"https:\/\/inlingua-ostschweiz.ch\/wp-content\/uploads\/2023\/04\/Personalentwicklung.jpg\" class=\"attachment-full size-full\" alt=\"\" loading=\"lazy\" \/><\/div><\/div><\/div><\/div><\/div><div class=\"vc_col-sm-6 wpb_column vc_column_container vh100_col\"><div class=\"vc_column-inner\"><div class=\"wpb_wrapper\"><div class=\"wpb_text_column vh100_p\"><div class=\"wpb_wrapper\"><h4 style=\"text-align: center;\">Companies<\/h4>\n<h3 style=\"text-align: center;\">Personal Development<\/h3>\n<h4 style=\"text-align: center;\">Employees as a success factor<\/h4>\n<\/div><\/div><\/div><\/div><\/div><\/div><\/div><\/section><section class=\"l-section wpb_row ext-row height_medium\"><div class=\"l-section-h i-cf\"><div class=\"g-cols vc_row via_flex valign_middle type_default stacking_default\"><div class=\"vc_col-sm-12 wpb_column vc_column_container\"><div class=\"vc_column-inner us_custom_f029a2ba\"><div class=\"wpb_wrapper\"><div class=\"wpb_text_column\"><div class=\"wpb_wrapper\"><h2>The linguistic proficiency of your employees is a success factor<\/h2>\n<p>inlingua Ostschweiz works closely together with many different companies; from global corporations to local small enterprises. We listen to your needs and co-create individual development plans for your employees, so that they learn what they need for their professional success, wherever and whenever it suits them most.<\/p>\n<p>The lessons are led by our experienced, native-speaking and qualified course <a href=\"https:\/\/inlingua-ostschweiz.ch\/en\/about-us\/team\/\">instructors<\/a>. They are happy to come to your company or the lessons take place online.<\/p>\n<\/div><\/div><\/div><\/div><\/div><\/div><\/div><\/section><section class=\"l-section wpb_row us_custom_8535c5f4 height_medium\"><div class=\"l-section-h i-cf\"><div class=\"g-cols vc_row via_flex valign_top type_default stacking_default\"><div class=\"vc_col-sm-12 vc_hidden-xs wpb_column vc_column_container\"><div class=\"vc_column-inner\"><div class=\"wpb_wrapper\"><div class=\"ult-spacer spacer-69f1cb09c4e52\" data-id=\"69f1cb09c4e52\" data-height=\"50\" data-height-mobile=\"50\" data-height-tab=\"50\" data-height-tab-portrait=\"\" data-height-mobile-landscape=\"\" style=\"clear:both;display:block;\"><\/div><div class=\"wpb_text_column headingbar red\"><div class=\"wpb_wrapper\"><p>5 steps to a tailor-made development plan for your staff:<\/p>\n<\/div><\/div><div class=\"cq-materialslider cq-materialslider-5  \" data-autoslide=\"no\" data-elementheight=\"\" data-titlesize=\"\" data-labelsize=\"\" data-autohide=\"no\"><div class=\"cq-materialslider-container\" data-pos=\"0\"><div class=\"cq-materialslider-slidecontainer\"><div class=\"cq-materialslider-slide\" data-titlecolor=\"\" data-labelcolor=\"\" data-bgcolor=\"\"><div class=\"cq-materialslider-content\"><div class=\"cq-materialslider-text\"><h4 class=\"cq-materialslider-title\">1. Needs analysis<\/h4><p class=\"cq-materialslider-description\">Personal conversation for the definition of your goals and a clarification of the training\u2019s scope.<\/p><\/div><\/div><\/div><div class=\"cq-materialslider-slide\" data-titlecolor=\"\" data-labelcolor=\"\" data-bgcolor=\"\"><div class=\"cq-materialslider-content\"><div class=\"cq-materialslider-text\"><h4 class=\"cq-materialslider-title\">2. Placement<\/h4><p class=\"cq-materialslider-description\">Existing language skills of each participant are established in a placement test in order to define the course\u2019s starting point. The integrated needs analysis in each placement test provides us with information on the participants\u2019 typical foreign language situations and therefore, what topics and competencies a language course should focus on. Both, the needs analysis and also the placement test are parts of our proposal process.<\/p><\/div><\/div><\/div><div class=\"cq-materialslider-slide\" data-titlecolor=\"\" data-labelcolor=\"\" data-bgcolor=\"\"><div class=\"cq-materialslider-content\"><div class=\"cq-materialslider-text\"><h4 class=\"cq-materialslider-title\">3. Defining the development plan<\/h4><p class=\"cq-materialslider-description\">This is a tailor-made programme which meets the needs and goals of your company.<\/p><\/div><\/div><\/div><div class=\"cq-materialslider-slide\" data-titlecolor=\"\" data-labelcolor=\"\" data-bgcolor=\"\"><div class=\"cq-materialslider-content\"><div class=\"cq-materialslider-text\"><h4 class=\"cq-materialslider-title\">4. Language courses<\/h4><p class=\"cq-materialslider-description\">Our effective and goal-oriented training is based on the quality and appropriate selection of our trainers. The training can be held at our language center or on your company\u2019s premises, or also as Virtual Classroom sessions from various locations simultaneously via inlingua\u2019s exclusive online classroom platform. Your company is supported by our extranet system, enabling you to check and track the learning progress and attendance at any time.<\/p><\/div><\/div><\/div><div class=\"cq-materialslider-slide\" data-titlecolor=\"\" data-labelcolor=\"\" data-bgcolor=\"\"><div class=\"cq-materialslider-content\"><div class=\"cq-materialslider-text\"><h4 class=\"cq-materialslider-title\">5. Evaluation<\/h4><p class=\"cq-materialslider-description\">The participants' learning progress is tested through regular exams and you are constantly informed about the success of your language course thanks to our extranet. We are committed to our clients' satisfaction.<\/p><\/div><\/div><\/div><\/div><div class=\"cq-materialslider-navigation cq-materialslider-dot-grapefruit\"><span class=\"cq-materialslider-bar\"><\/span><span href=\"#\" class=\"cq-materialslider-dot\" data-pos=\"0\"><\/span><span href=\"#\" class=\"cq-materialslider-dot\" data-pos=\"1\"><\/span><span href=\"#\" class=\"cq-materialslider-dot\" data-pos=\"2\"><\/span><span href=\"#\" class=\"cq-materialslider-dot\" data-pos=\"3\"><\/span><span href=\"#\" class=\"cq-materialslider-dot\" data-pos=\"4\"><\/span><\/div><\/div><\/div><\/div><\/div><\/div><\/div><\/div><\/section><section class=\"l-section wpb_row ext-row height_medium\"><div class=\"l-section-h i-cf\"><div class=\"g-cols vc_row via_flex valign_top type_default stacking_default\"><div class=\"vc_col-sm-12 vc_hidden-lg vc_hidden-md vc_hidden-sm wpb_column vc_column_container\"><div class=\"vc_column-inner\"><div class=\"wpb_wrapper\"><div class=\"wpb_text_column us_custom_70facfb4 headingbar red\"><div class=\"wpb_wrapper\"><p>5 Schritte zur massgeschneiderten sprachlichen Weiterbildung Ihrer Mitarbeitenden:<\/p>\n<\/div><\/div><div class=\"w-tabs sh style_default switch_click accordion has_scrolling\" style=\"--sections-title-size:inherit\"><div class=\"w-tabs-sections titles-align_none icon_chevron cpos_right\"><div class=\"w-tabs-section no_indents\" id=\"uc40\"><button class=\"w-tabs-section-header\" aria-controls=\"content-uc40\" aria-expanded=\"false\"><h4 class=\"w-tabs-section-title\">1. Bedarfsanalyse<\/h4><div class=\"w-tabs-section-control\"><\/div><\/button><div  class=\"w-tabs-section-content\" id=\"content-uc40\"><div class=\"w-tabs-section-content-h i-cf\"><div class=\"wpb_text_column\"><div class=\"wpb_wrapper\"><p>Abkl\u00e4rung der Bed\u00fcrfnisse und Festlegung der Ziele in einem pers\u00f6nlichen Gespr\u00e4ch.<\/p>\n<\/div><\/div><\/div><\/div><\/div><div class=\"w-tabs-section no_indents\" id=\"hd74\"><button class=\"w-tabs-section-header\" aria-controls=\"content-hd74\" aria-expanded=\"false\"><h4 class=\"w-tabs-section-title\">2. Einstufung<\/h4><div class=\"w-tabs-section-control\"><\/div><\/button><div  class=\"w-tabs-section-content\" id=\"content-hd74\"><div class=\"w-tabs-section-content-h i-cf\"><div class=\"wpb_text_column\"><div class=\"wpb_wrapper\"><p>Durch einen Einstufungstest werden die Vorkenntnisse jedes Teilnehmers und damit die Ausgangsbasis ermittelt. In der Bedarfsanalyse stellen wir fest, mit welchen fremdsprachlichen Aufgaben und Situationen jeder Teilnehmer konfrontiert ist. F\u00fcr Sie f\u00fchren wir diese Abkl\u00e4rungen kostenlos durch.<\/p>\n<\/div><\/div><\/div><\/div><\/div><div class=\"w-tabs-section no_indents\" id=\"xe87\"><button class=\"w-tabs-section-header\" aria-controls=\"content-xe87\" aria-expanded=\"false\"><h4 class=\"w-tabs-section-title\">3. Trainingsplan festlegen<\/h4><div class=\"w-tabs-section-control\"><\/div><\/button><div  class=\"w-tabs-section-content\" id=\"content-xe87\"><div class=\"w-tabs-section-content-h i-cf\"><div class=\"wpb_text_column\"><div class=\"wpb_wrapper\"><p>Dies ist ein massgeschneidertes Programm, das den W\u00fcnschen und Bed\u00fcrfnissen Ihrer Firma genau entspricht.<\/p>\n<\/div><\/div><\/div><\/div><\/div><div class=\"w-tabs-section no_indents\" id=\"mf94\"><button class=\"w-tabs-section-header\" aria-controls=\"content-mf94\" aria-expanded=\"false\"><h4 class=\"w-tabs-section-title\">4. Sprachtraining<\/h4><div class=\"w-tabs-section-control\"><\/div><\/button><div  class=\"w-tabs-section-content\" id=\"content-mf94\"><div class=\"w-tabs-section-content-h i-cf\"><div class=\"wpb_text_column\"><div class=\"wpb_wrapper\"><p>Unsere qualifizierten Trainer bilden die Grundlage f\u00fcr ein effektives und zielorientiertes Training.<br \/>\nIhr Profil ist auf die jeweiligen Lerninhalte abgestimmt.<br \/>\nDer Unterricht findet in unserem Sprachcenter, in Ihren R\u00e4umlichkeiten oder auf unserer Plattform inlingua Virtual Classroom statt.<br \/>\nIhre Firma wird durch unser Extranet unterst\u00fctzt, damit Sie die Lernfortschritte und Anwesenheiten jederzeit \u00fcberpr\u00fcfen und nachverfolgen k\u00f6nnen.<\/p>\n<\/div><\/div><\/div><\/div><\/div><div class=\"w-tabs-section no_indents\" id=\"x07e\"><button class=\"w-tabs-section-header\" aria-controls=\"content-x07e\" aria-expanded=\"false\"><h4 class=\"w-tabs-section-title\">5. Auswertung<\/h4><div class=\"w-tabs-section-control\"><\/div><\/button><div  class=\"w-tabs-section-content\" id=\"content-x07e\"><div class=\"w-tabs-section-content-h i-cf\"><div class=\"wpb_text_column\"><div class=\"wpb_wrapper\"><p>Die Lernfortschritte werden durch regelm\u00e4ssige Pr\u00fcfungen getestet und Sie sind dank unserem Extranet st\u00e4ndig \u00fcber den Erfolg Ihres Sprachkurses informiert. Wir befassen uns kontinuierlich mit der Kundenzufriedenheit.<\/p>\n<\/div><\/div><\/div><\/div><\/div><\/div><\/div><\/div><\/div><\/div><\/div><\/div><\/section><section class=\"l-section wpb_row us_custom_5cd26a65 height_medium\"><div class=\"l-section-h i-cf\"><div class=\"g-cols vc_row via_flex valign_top type_default stacking_default\"><div class=\"vc_col-sm-12 wpb_column vc_column_container\"><div class=\"vc_column-inner\"><div class=\"wpb_wrapper\"><div class=\"w-actionbox us_custom_8abb7584 color_secondary controls_right\"><div class=\"w-actionbox-text\"><h4 class=\"w-actionbox-title\">Book a company course<\/h4><div class=\"w-actionbox-description\"><p>Arrange a personal consultation with us or request a non-binding offer. We look forward to hearing from you!<\/p>\n<\/div><\/div><div class=\"w-actionbox-controls\"><a class=\"w-btn us-btn-style_1\" title=\"Contact us\" href=\"https:\/\/inlingua-ostschweiz.ch\/en\/contact\/enquiry\/\"><span class=\"w-btn-label\">Contact us<\/span><\/a><\/div><\/div><\/div><\/div><\/div><\/div><\/div><\/section><section class=\"l-section wpb_row us_custom_558fb458 height_medium\"><div class=\"l-section-h i-cf\"><div class=\"g-cols vc_row via_flex valign_top type_default stacking_default\"><div class=\"vc_col-sm-12 wpb_column vc_column_container\"><div class=\"vc_column-inner\"><div class=\"wpb_wrapper\"><div class=\"ult-spacer spacer-69f1cb09c8342\" data-id=\"69f1cb09c8342\" data-height=\"50\" data-height-mobile=\"50\" data-height-tab=\"50\" data-height-tab-portrait=\"\" data-height-mobile-landscape=\"\" style=\"clear:both;display:block;\"><\/div><\/div><\/div><\/div><\/div><\/div><\/section>\n","protected":false},"excerpt":{"rendered":"Companies Personal Development Employees as a success factor The linguistic proficiency of your employees is a success factor inlingua Ostschweiz works closely together with many different companies; from global corporations to local small enterprises. We listen to your needs and co-create individual development plans for your employees, so that they learn what they need for...","protected":false},"author":12,"featured_media":0,"parent":0,"menu_order":0,"comment_status":"closed","ping_status":"closed","template":"","meta":{"_acf_changed":false,"footnotes":""},"class_list":["post-109756","page","type-page","status-publish","hentry"],"acf":[],"yoast_head":"<!-- This site is optimized with the Yoast SEO plugin v27.5 - https:\/\/yoast.com\/product\/yoast-seo-wordpress\/ -->\n<title>People Development - inlingua Ostschweiz<\/title>\n<meta name=\"robots\" content=\"index, follow, max-snippet:-1, max-image-preview:large, max-video-preview:-1\" \/>\n<link rel=\"canonical\" href=\"https:\/\/inlingua-ostschweiz.ch\/en\/people-development\/\" \/>\n<meta property=\"og:locale\" content=\"en_US\" \/>\n<meta property=\"og:type\" content=\"article\" \/>\n<meta property=\"og:title\" content=\"People Development - inlingua Ostschweiz\" \/>\n<meta property=\"og:url\" content=\"https:\/\/inlingua-ostschweiz.ch\/en\/people-development\/\" \/>\n<meta property=\"og:site_name\" content=\"inlingua Ostschweiz\" \/>\n<meta property=\"article:modified_time\" content=\"2025-02-25T10:47:49+00:00\" \/>\n<meta name=\"twitter:card\" content=\"summary_large_image\" \/>\n<meta name=\"twitter:label1\" content=\"Est. reading time\" \/>\n\t<meta name=\"twitter:data1\" content=\"4 minutes\" \/>\n<script type=\"application\/ld+json\" class=\"yoast-schema-graph\">{\"@context\":\"https:\\\/\\\/schema.org\",\"@graph\":[{\"@type\":\"WebPage\",\"@id\":\"https:\\\/\\\/inlingua-ostschweiz.ch\\\/en\\\/people-development\\\/\",\"url\":\"https:\\\/\\\/inlingua-ostschweiz.ch\\\/en\\\/people-development\\\/\",\"name\":\"People Development - inlingua Ostschweiz\",\"isPartOf\":{\"@id\":\"https:\\\/\\\/inlingua-ostschweiz.ch\\\/en\\\/#website\"},\"datePublished\":\"2017-05-18T09:37:14+00:00\",\"dateModified\":\"2025-02-25T10:47:49+00:00\",\"breadcrumb\":{\"@id\":\"https:\\\/\\\/inlingua-ostschweiz.ch\\\/en\\\/people-development\\\/#breadcrumb\"},\"inLanguage\":\"en-US\",\"potentialAction\":[{\"@type\":\"ReadAction\",\"target\":[\"https:\\\/\\\/inlingua-ostschweiz.ch\\\/en\\\/people-development\\\/\"]}]},{\"@type\":\"BreadcrumbList\",\"@id\":\"https:\\\/\\\/inlingua-ostschweiz.ch\\\/en\\\/people-development\\\/#breadcrumb\",\"itemListElement\":[{\"@type\":\"ListItem\",\"position\":1,\"name\":\"Startseite\",\"item\":\"https:\\\/\\\/inlingua-ostschweiz.ch\\\/en\\\/\"},{\"@type\":\"ListItem\",\"position\":2,\"name\":\"People Development\"}]},{\"@type\":\"WebSite\",\"@id\":\"https:\\\/\\\/inlingua-ostschweiz.ch\\\/en\\\/#website\",\"url\":\"https:\\\/\\\/inlingua-ostschweiz.ch\\\/en\\\/\",\"name\":\"inlingua Ostschweiz\",\"description\":\"Ihre Sprachschule in der Ostschweiz\",\"publisher\":{\"@id\":\"https:\\\/\\\/inlingua-ostschweiz.ch\\\/en\\\/#organization\"},\"potentialAction\":[{\"@type\":\"SearchAction\",\"target\":{\"@type\":\"EntryPoint\",\"urlTemplate\":\"https:\\\/\\\/inlingua-ostschweiz.ch\\\/en\\\/?s={search_term_string}\"},\"query-input\":{\"@type\":\"PropertyValueSpecification\",\"valueRequired\":true,\"valueName\":\"search_term_string\"}}],\"inLanguage\":\"en-US\"},{\"@type\":\"Organization\",\"@id\":\"https:\\\/\\\/inlingua-ostschweiz.ch\\\/en\\\/#organization\",\"name\":\"inlingua Ostschweiz\",\"url\":\"https:\\\/\\\/inlingua-ostschweiz.ch\\\/en\\\/\",\"logo\":{\"@type\":\"ImageObject\",\"inLanguage\":\"en-US\",\"@id\":\"https:\\\/\\\/inlingua-ostschweiz.ch\\\/en\\\/#\\\/schema\\\/logo\\\/image\\\/\",\"url\":\"https:\\\/\\\/inlingua-ostschweiz.ch\\\/wp-content\\\/uploads\\\/2019\\\/04\\\/logo-inlingua.svg\",\"contentUrl\":\"https:\\\/\\\/inlingua-ostschweiz.ch\\\/wp-content\\\/uploads\\\/2019\\\/04\\\/logo-inlingua.svg\",\"width\":\"1024\",\"height\":\"1024\",\"caption\":\"inlingua Ostschweiz\"},\"image\":{\"@id\":\"https:\\\/\\\/inlingua-ostschweiz.ch\\\/en\\\/#\\\/schema\\\/logo\\\/image\\\/\"}}]}<\/script>\n<!-- \/ Yoast SEO plugin. -->","yoast_head_json":{"title":"People Development - inlingua Ostschweiz","robots":{"index":"index","follow":"follow","max-snippet":"max-snippet:-1","max-image-preview":"max-image-preview:large","max-video-preview":"max-video-preview:-1"},"canonical":"https:\/\/inlingua-ostschweiz.ch\/en\/people-development\/","og_locale":"en_US","og_type":"article","og_title":"People Development - inlingua Ostschweiz","og_url":"https:\/\/inlingua-ostschweiz.ch\/en\/people-development\/","og_site_name":"inlingua Ostschweiz","article_modified_time":"2025-02-25T10:47:49+00:00","twitter_card":"summary_large_image","twitter_misc":{"Est. reading time":"4 minutes"},"schema":{"@context":"https:\/\/schema.org","@graph":[{"@type":"WebPage","@id":"https:\/\/inlingua-ostschweiz.ch\/en\/people-development\/","url":"https:\/\/inlingua-ostschweiz.ch\/en\/people-development\/","name":"People Development - inlingua Ostschweiz","isPartOf":{"@id":"https:\/\/inlingua-ostschweiz.ch\/en\/#website"},"datePublished":"2017-05-18T09:37:14+00:00","dateModified":"2025-02-25T10:47:49+00:00","breadcrumb":{"@id":"https:\/\/inlingua-ostschweiz.ch\/en\/people-development\/#breadcrumb"},"inLanguage":"en-US","potentialAction":[{"@type":"ReadAction","target":["https:\/\/inlingua-ostschweiz.ch\/en\/people-development\/"]}]},{"@type":"BreadcrumbList","@id":"https:\/\/inlingua-ostschweiz.ch\/en\/people-development\/#breadcrumb","itemListElement":[{"@type":"ListItem","position":1,"name":"Startseite","item":"https:\/\/inlingua-ostschweiz.ch\/en\/"},{"@type":"ListItem","position":2,"name":"People Development"}]},{"@type":"WebSite","@id":"https:\/\/inlingua-ostschweiz.ch\/en\/#website","url":"https:\/\/inlingua-ostschweiz.ch\/en\/","name":"inlingua Ostschweiz","description":"Ihre Sprachschule in der Ostschweiz","publisher":{"@id":"https:\/\/inlingua-ostschweiz.ch\/en\/#organization"},"potentialAction":[{"@type":"SearchAction","target":{"@type":"EntryPoint","urlTemplate":"https:\/\/inlingua-ostschweiz.ch\/en\/?s={search_term_string}"},"query-input":{"@type":"PropertyValueSpecification","valueRequired":true,"valueName":"search_term_string"}}],"inLanguage":"en-US"},{"@type":"Organization","@id":"https:\/\/inlingua-ostschweiz.ch\/en\/#organization","name":"inlingua Ostschweiz","url":"https:\/\/inlingua-ostschweiz.ch\/en\/","logo":{"@type":"ImageObject","inLanguage":"en-US","@id":"https:\/\/inlingua-ostschweiz.ch\/en\/#\/schema\/logo\/image\/","url":"https:\/\/inlingua-ostschweiz.ch\/wp-content\/uploads\/2019\/04\/logo-inlingua.svg","contentUrl":"https:\/\/inlingua-ostschweiz.ch\/wp-content\/uploads\/2019\/04\/logo-inlingua.svg","width":"1024","height":"1024","caption":"inlingua Ostschweiz"},"image":{"@id":"https:\/\/inlingua-ostschweiz.ch\/en\/#\/schema\/logo\/image\/"}}]}},"_links":{"self":[{"href":"https:\/\/inlingua-ostschweiz.ch\/en\/wp-json\/wp\/v2\/pages\/109756","targetHints":{"allow":["GET"]}}],"collection":[{"href":"https:\/\/inlingua-ostschweiz.ch\/en\/wp-json\/wp\/v2\/pages"}],"about":[{"href":"https:\/\/inlingua-ostschweiz.ch\/en\/wp-json\/wp\/v2\/types\/page"}],"author":[{"embeddable":true,"href":"https:\/\/inlingua-ostschweiz.ch\/en\/wp-json\/wp\/v2\/users\/12"}],"replies":[{"embeddable":true,"href":"https:\/\/inlingua-ostschweiz.ch\/en\/wp-json\/wp\/v2\/comments?post=109756"}],"version-history":[{"count":0,"href":"https:\/\/inlingua-ostschweiz.ch\/en\/wp-json\/wp\/v2\/pages\/109756\/revisions"}],"wp:attachment":[{"href":"https:\/\/inlingua-ostschweiz.ch\/en\/wp-json\/wp\/v2\/media?parent=109756"}],"curies":[{"name":"wp","href":"https:\/\/api.w.org\/{rel}","templated":true}]}}